{"id":915,"date":"2021-10-13T21:21:07","date_gmt":"2021-10-13T20:21:07","guid":{"rendered":"https:\/\/www.ambulance21.cz\/?page_id=915"},"modified":"2022-08-11T16:48:02","modified_gmt":"2022-08-11T15:48:02","slug":"5-rocnik","status":"publish","type":"page","link":"https:\/\/www.ambulance21.cz\/predchozi-rocniky\/5-rocnik\/","title":{"rendered":"5. ro\u010dn\u00edk"},"content":{"rendered":"[mk_page_section][vc_column][vc_row_inner][vc_column_inner width=&#8220;1\/2&#8243;][vc_column_text]\n<h3 style=\"text-align: left;\">Co \u010dek\u00e1 pacienty i l\u00e9ka\u0159e v\u00a0ambulanc\u00edch?<\/h3>\n<p><strong>\u0160irok\u00e9 spektrum t\u00e9mat, nov\u00e9 znalosti a trendy, konkr\u00e9tn\u00ed postupy v\u00a0u\u017eite\u010dn\u00fdch workshopech \u2013 takov\u00e1 byla ji\u017e 5. celost\u00e1tn\u00ed konference ambulantn\u00ed p\u00e9\u010de, kter\u00e1 prob\u011bhla 14. z\u00e1\u0159\u00ed v Praze. <\/strong><\/p>\n<p>Setk\u00e1n\u00ed l\u00e9ka\u0159\u016f, sester a dal\u0161\u00edch zdravotnick\u00fdch pracovn\u00edk\u016f se kv\u016fli pandemii chystalo dva roky, a tak krom\u011b poznatk\u016f z dobr\u00e9 medic\u00edny p\u0159ineslo \u00fa\u010dastn\u00edk\u016fm i dobr\u00fd pocit ze setk\u00e1n\u00ed, jak v\u00a0\u00favodu upozornila MUDr. Barbara Tau\u0161ov\u00e1, MBA, p\u0159edsedkyn\u011b odborn\u00e9 rady zdravotnick\u00e9 skupiny EUC, za jej\u00ed\u017e podpory se konference konala.<\/p>\n<p>Motto konference \u2013 \u00fa\u010dastn\u00edk\u016fm souhrnn\u011b podat nov\u00e9 trendy v\u00a0ambulantn\u00ed p\u00e9\u010di \u2013 se prom\u00edtlo do v\u0161ech t\u00e9mat prezentovan\u00fdch p\u0159edn\u00edmi odborn\u00edky dan\u00e9ho oboru, kte\u0159\u00ed nav\u00edc ochotn\u011b odpov\u00eddali na v\u0161echny dotazy v\u00a0bohat\u00fdch diskuz\u00edch. V\u00a0r\u00e1mci dopoledn\u00edho bloku pod titulem Nov\u00e9 poznatky pro na\u0161i praxi vystoupili <strong>prof. MUDr. Jan Dane\u0161, CSc.<\/strong>, s\u00a0t\u00e9matem ke screeningu a diagnostice karcinomu prsu, <strong>prof. MUDr. Martina Koziar Va\u0161\u00e1kov\u00e1, Ph.D.<\/strong>, s t\u00e9matem fibrotizuj\u00edc\u00edch interstici\u00e1ln\u00edch plicn\u00edch proces\u016f a <strong>prof. MUDr. Zden\u011bk Ru\u0161av\u00fd, Ph.D.<\/strong>, s\u00a0p\u0159ehledem nov\u00fdch skupin l\u00e9k\u016f pro terapii diabetu 2. typu. Z\u00e1v\u011br pat\u0159il <strong>prof. MUDr. Vladim\u00edru Pali\u010dkovi, CSc., dr. h. c.<\/strong>, a roli ambulantn\u00edch specialist\u016f v p\u00e9\u010di o pacienty s\u00a0osteopor\u00f3zou.<\/p>\n<p>Odpoledn\u00ed \u010d\u00e1st zah\u00e1jila aktu\u00e1ln\u00ed t\u00e9mata distan\u010dn\u00ed p\u00e9\u010de. <strong>Mgr. Daniel Soukup, MBA<\/strong>, shrnul sv\u011btov\u00e9 trendy v\u00a0digitalizaci, <strong>MUDr. Petra Bomberov\u00e1 K\u00e1nsk\u00e1 <\/strong>hovo\u0159ila o praxi v\u00a0ordinaci praktika.<\/p>\n<p>Zku\u0161enostem z\u00a0praxe se v\u011bnoval tak\u00e9 <strong>MUDr. Ale\u0161 Ko\u010d\u00e1r<\/strong> s\u00a0p\u0159edn\u00e1\u0161kou o mo\u017enostech vyu\u017eit\u00ed syst\u00e9mov\u00e9 enzymoterapie a d\u00e1le <strong>MUDr. Hana Roh\u00e1\u010dov\u00e1, Ph.D.<\/strong>, prim\u00e1\u0159ka Kliniky infek\u010dn\u00edch nemoc\u00ed FN Bulovka, s\u00a0d\u016fle\u017eit\u00fdm shrnut\u00edm sou\u010dasn\u00fdch poznatk\u016f o onemocn\u011bn\u00ed vyvolan\u00e9m SARS-CoV-2.<\/p>\n<p>Sou\u010d\u00e1st\u00ed konference, kterou po\u0159\u00e1dala agentura We Make Media, se ji\u017e tradi\u010dn\u011b stalo p\u0159ed\u00e1n\u00ed v\u00fdro\u010dn\u00edch cen prof. MUDr. Franti\u0161ka K\u00f6lbela, DrSc., za mimo\u0159\u00e1dn\u00fd p\u0159\u00ednos pro zdravotnictv\u00ed. Letos ji z\u00edskala v\u00a0kategorii nel\u00e9ka\u0159sk\u00e9ho person\u00e1lu <strong>Lucie Michal\u016f<\/strong> z\u00a0l\u00e9ka\u0159sk\u00e9 pohotovosti EUC Kliniky Praha, v\u00a0kategorii l\u00e9ka\u0159\u016f <strong>MUDr. Martin Hospodka, alergolog<\/strong> z\u00a0Canadian Medical. Letos byla ud\u011blena rovn\u011b\u017e cena za celo\u017eivotn\u00ed p\u0159\u00ednos, kterou z\u00edskal <strong>MUDr. Ji\u0159\u00ed La\u0161t\u016fvka<\/strong> z\u00a0odd\u011blen\u00ed ORL v\u00a0EUC Klinice\u00a0\u00dast\u00ed nad Labem.[\/vc_column_text][\/vc_column_inner][vc_column_inner width=&#8220;1\/2&#8243;][vc_column_text]\n<h3 style=\"text-align: left;\">Konferenc\u00ed v\u00e1s prov\u00e1zel MUDr. Ji\u0159\u00ed Pe\u0161ina<\/h3>\n<h5>sn\u00eddan\u011b p\u0159ed zah\u00e1jen\u00edm konference (8:30 &#8211; 9:00)<\/h5>\n<h3>SLAVNOSTN\u00cd ZAH\u00c1JEN\u00cd (9:00 &#8211; 9:10)<\/h3>\n<h3>NOV\u00c9 POZNATKY PRO NA\u0160I PRAXI (9:10 &#8211; 11:30)<\/h3>\n<ul>\n<li><span style=\"text-decoration: underline;\"><span style=\"color: #000000;\"><strong style=\"color: #fa0c8b; text-decoration: underline;\">prof. MUDr. Jan Dane\u0161, CSc,<\/strong><\/span><\/span>, <span style=\"color: #808080;\">radiodiagnostick\u00e1 klinika 1. LF UK a VFN v Praze a Mamodiagnostick\u00e9 centrum Waltrovka<\/span>\n<ul>\n<li><u>T\u00e9ma:<\/u><strong> Screening a diagnostika karcinomu prsu, novinky a konkr\u00e9tn\u00ed postupy<\/strong><\/li>\n<\/ul>\n<\/li>\n<li><span style=\"text-decoration: underline;\"><span style=\"color: #000000;\"><strong style=\"color: #fa0c8b; text-decoration: underline;\">prof. MUDr. Martina Koziar Va\u0161\u00e1kov\u00e1, Ph.D.<\/strong><\/span><\/span>, <span style=\"color: #808080;\">p\u0159ednostka Pneumologick\u00e9 kliniky 1. LF UK a TN<\/span>\n<ul>\n<li><span style=\"text-decoration: underline;\">T\u00e9ma:<\/span> <strong><strong>Fibrotizuj\u00edc\u00ed interstici\u00e1ln\u00ed plicn\u00ed procesy, jedna l\u00e9\u010dba pro v\u0161echny? <\/strong><\/strong><\/li>\n<\/ul>\n<\/li>\n<li><span style=\"text-decoration: underline;\"><span style=\"color: #000000;\"><strong style=\"color: #fa0c8b; text-decoration: underline;\">prof. MUDr. Zden\u011bk Ru\u0161av\u00fd, Ph.D.<\/strong><\/span><\/span>, <span style=\"color: #808080;\"><span style=\"color: #808080;\">diabetologick\u00e9 centrum FN a LF UK Plze\u0148 <\/span><\/span>\n<ul>\n<li><span style=\"color: #000000;\"><span style=\"text-decoration: underline;\">T\u00e9ma:<\/span> <strong>Nov\u00e9 l\u00e9ky zm\u011bnily doporu\u010den\u00e9 postupy v l\u00e9\u010db\u011b diabetu<\/strong><\/span><\/li>\n<\/ul>\n<\/li>\n<li><span style=\"text-decoration: underline;\"><span style=\"color: #000000;\"><strong style=\"color: #fa0c8b; text-decoration: underline;\">prof. MUDr. Vladim\u00edr Pali\u010dka, CSc., Dr. h. c.<\/strong><\/span><\/span>, <span style=\"color: #808080;\">profesor \u00dastavu klinick\u00e9 biochemie a diagnostiky LF UK v Hradci Kr\u00e1lov\u00e9<\/span>\n<ul>\n<li><span style=\"color: #000000;\"><span style=\"text-decoration: underline;\">T\u00e9ma:<\/span> <strong>Role ambulantn\u00edch l\u00e9ka\u0159\u016f v p\u00e9\u010di o pacienty s osteoporosou<\/strong><\/span><\/li>\n<\/ul>\n<\/li>\n<li><span style=\"text-decoration: underline;\"><span style=\"color: #000000;\"><strong style=\"color: #fa0c8b; text-decoration: underline;\">p\u0159ed\u00e1n\u00ed Ceny prof. MUDr. Franti\u0161ka K\u00f6lbela, DrSc. za mimo\u0159\u00e1dn\u00fd p\u0159\u00ednos pro zdravotnictv\u00ed EUC<\/strong><\/span><\/span><\/li>\n<\/ul>\n<h5>ob\u011bd (11:30 &#8211; 12:30)<\/h5>\n<h3>DISTAN\u010cN\u00cd P\u00c9\u010cE (12:30 &#8211; 13:30)<\/h3>\n<ul>\n<li><strong style=\"color: #fa0c8b;\">Mgr. Daniel Soukup, MBA<\/strong>, <span style=\"color: #808080;\">Head of telemedicine EUC<\/span>\n<ul>\n<li><span style=\"color: #000000;\"><span style=\"text-decoration: underline;\">T\u00e9ma:<\/span> <strong>Sv\u011btov\u00e9 trendy v digitalizaci prim\u00e1rn\u00ed p\u00e9\u010de<\/strong><\/span><\/li>\n<\/ul>\n<\/li>\n<li><strong style=\"color: #fa0c8b;\">MUDr. Petra Bomberov\u00e1 K\u00e1nsk\u00e1<\/strong>, <span style=\"color: #808080;\">v\u0161eobecn\u00fd praktick\u00fd l\u00e9ka\u0159<\/span>\n<ul>\n<li><span style=\"color: #000000;\"><span style=\"text-decoration: underline;\">T\u00e9ma:<\/span> <strong>Distan\u010dn\u00ed p\u00e9\u010de v praxi praktick\u00e9ho l\u00e9ka\u0159e<\/strong><\/span><\/li>\n<\/ul>\n<\/li>\n<\/ul>\n<h3>ZKU\u0160ENOSTI Z PRAXE (13:35 &#8211; 14:20)<\/h3>\n<ul>\n<li><span style=\"text-decoration: underline;\"><span style=\"text-decoration: underline;\"><strong style=\"color: #fa0c8b; text-decoration: underline;\">MUDr. Ale\u0161 Ko\u010d\u00e1r<\/strong><span style=\"color: #808080;\">, <\/span><\/span><\/span><span style=\"color: #808080;\">Head Medical Advisor, MUCOS Pharma CZ, s.r.o.<\/span>\n<ul>\n<li><span style=\"color: #000000;\"><span style=\"color: #000000;\"><span style=\"text-decoration: underline;\">T\u00e9ma:<\/span> <strong>Syst\u00e9mov\u00e1 enzymoterapie a jej\u00ed mo\u017enosti l\u00e9\u010debn\u00e9ho vyu\u017eit\u00ed v medic\u00edn\u011b<\/strong><\/span><\/span><\/li>\n<\/ul>\n<\/li>\n<\/ul>\n<ul>\n<li><span style=\"text-decoration: underline;\"><strong style=\"color: #fa0c8b; text-decoration: underline;\">MUDr. Hana Roh\u00e1\u010dov\u00e1, Ph.D.<\/strong><\/span>, <span style=\"color: #808080;\">prim\u00e1\u0159ka Kliniky infek\u010dn\u00edch, parazit\u00e1rn\u00edch a tropick\u00fdch nemoc\u00ed, Nemocnice Na Bulovce<\/span>\n<ul>\n<li><span style=\"color: #000000;\"><span style=\"text-decoration: underline;\">T\u00e9ma:<\/span> <strong>Onemocn\u011bn\u00ed vyvolan\u00e9 nov\u00fdm koronavirem SARS-CoV-2, Covid 19 \u2013 ot\u00e1zky a \u201eodpov\u011bdi\u201c<\/strong><\/span><\/li>\n<\/ul>\n<\/li>\n<\/ul>\n<h5>coffee break (14:20 &#8211; 14:45)<\/h5>\n<h3>DU\u0160EVN\u00cd ZDRAV\u00cd (14:45 &#8211; 15:45)<\/h3>\n<ul>\n<li><strong style=\"color: #fa0c8b;\">doc. PhDr. Dr. phil. Laura Jan\u00e1\u010dkov\u00e1, CSc.<\/strong>, <span style=\"color: #808080;\">docentka klinick\u00e9 psychologie Sexuologick\u00e9ho \u00fastavu 1. LF UK a VFN v Praze, zakladatelka Institutu partnersk\u00fdch vztah\u016f a prorektorka Vysok\u00e9 \u0161koly aplikovan\u00e9 psychologie<\/span>\n<ul>\n<li><u>T\u00e9ma:<\/u> <strong>Onkologick\u00fd pacient v ordinaci praktick\u00e9ho l\u00e9ka\u0159e<\/strong><\/li>\n<\/ul>\n<\/li>\n<li><strong style=\"color: #fa0c8b;\">prof. PhDr. et. PhDr. Radek Pt\u00e1\u010dek, Ph.D., MBA<\/strong>, <span style=\"color: #808080;\">prvn\u00ed profesor l\u00e9ka\u0159sk\u00e9 psychologie v \u010cesk\u00e9 republice, klinick\u00fd psycholog, psychoterapeut, soudn\u00ed znalec<\/span>\n<ul>\n<li><span style=\"color: #000000;\"><span style=\"text-decoration: underline;\">T\u00e9ma:<\/span> <strong>Jak vid\u011bt sv\u011btlo na konci tunelu \u2013 psychologie pro slo\u017eitou dobu<\/strong><\/span><\/li>\n<\/ul>\n<\/li>\n<\/ul>\n<h3>UKON\u010cEN\u00cd KONFERENCE (15:45 &#8211; 16:00)<\/h3>\n<h3>Paraleln\u00ed workshopy v pr\u016fb\u011bhu cel\u00e9ho dne:<\/h3>\n<p><strong><span style=\"color: #000000;\">Centrum Hojen\u00ed ran<\/span><\/strong><\/p>\n<ul>\n<li>term\u00edn je kapacitn\u011b omezen na 30 osob<\/li>\n<li>d\u00e9lka workshopu je 20 minut<\/li>\n<li>12:10 \u2013 12:30, 13:20 \u2013 13:40, 14:10 \u2013 14:30<\/li>\n<li>Lektor: David \u0160karda, DiS. \u2013 Hlavn\u00ed sestra EUC Klinika Plze\u0148<\/li>\n<li>Obsah:\n<ul>\n<li>Centrum hojen\u00ed ran je odd\u011blen\u00ed zdravotnick\u00e9ho za\u0159\u00edzen\u00ed EUC Klinika Plze\u0148, ve kter\u00e9m se odborn\u00edci komplexn\u011b staraj\u00ed o pacienty s chronick\u00fdmi ranami. P\u0159edm\u011btem prezentace bude sezn\u00e1men\u00ed poslucha\u010d\u016f s provozem centra pro hojen\u00ed ran, n\u00e1stin problematiky hojen\u00ed chronick\u00fdch ran a interpretace dosa\u017een\u00fdch v\u00fdsledk\u016f za dobu provozu. Ned\u00edlnou sou\u010d\u00e1st\u00ed prezentace budou kazuistiky pacient\u016f z Centra pro hojen\u00ed ran.<\/li>\n<\/ul>\n<\/li>\n<\/ul>\n<p><strong>Ultrazvukov\u00e1 diagnostika v kapse<\/strong><\/p>\n<ul>\n<li>term\u00edn je kapacitn\u011b omezen na 20 osob<\/li>\n<li>d\u00e9lka workshopu je 20 minut<\/li>\n<li>12:45 &#8211; 13:05<\/li>\n<li>Lektor: Ing. Radek Mace\u0161ka<\/li>\n<li>Obsah\n<ul>\n<li>Kapesn\u00ed a p\u0159enosn\u00e9 p\u0159\u00edstroje<\/li>\n<li>Benefity ultrazvukov\u00e9 diagnostiky<\/li>\n<li>Nej\u010dast\u011bj\u0161\u00ed typy vy\u0161et\u0159en\u00ed<\/li>\n<\/ul>\n<\/li>\n<\/ul>\n[\/vc_column_text][\/vc_column_inner][\/vc_row_inner][vc_row_inner][vc_column_inner][vc_column_text]\n<h3>Fotogalerie<\/h3>\n[\/vc_column_text][vc_images_carousel images=&#8220;916,917,918,919,920,921,922,923,924,925,926,927,928,929,930,931,932,933,934,935,936,937,938,939,940,941,942,943,944,945,946,947,948,949,950,951,952,953,954,955,956,957,958&#8243; img_size=&#8220;full&#8220; slides_per_view=&#8220;6&#8243; hide_pagination_control=&#8220;yes&#8220; wrap=&#8220;yes&#8220;][\/vc_column_inner][\/vc_row_inner][\/vc_column][\/mk_page_section][vc_column][\/vc_column][vc_row_inner][vc_column_inner][vc_column_text align=&#8220;center&#8220;]\n<h4>GENER\u00c1LN\u00cd PARTNER<\/h4>\n[\/vc_column_text][vc_single_image image=&#8220;7&#8243; alignment=&#8220;center&#8220; onclick=&#8220;custom_link&#8220; img_link_target=&#8220;_blank&#8220; link=&#8220;https:\/\/www.euc.cz\/&#8220;][\/vc_column_inner][\/vc_row_inner][mk_padding_divider size=&#8220;80&#8243;][vc_row_inner][vc_column_inner][vc_column_text align=&#8220;center&#8220;]\n<h4>PARTNE\u0158I<\/h4>\n[\/vc_column_text][\/vc_column_inner][\/vc_row_inner][vc_row_inner][vc_column_inner width=&#8220;1\/3&#8243;][vc_single_image image=&#8220;775&#8243; img_size=&#8220;full&#8220; alignment=&#8220;center&#8220; onclick=&#8220;custom_link&#8220; img_link_target=&#8220;_blank&#8220; link=&#8220;https:\/\/www.eucnadace.cz\/&#8220;][\/vc_column_inner][vc_column_inner width=&#8220;1\/3&#8243;][mk_padding_divider size=&#8220;30&#8243;][mk_padding_divider size=&#8220;30&#8243;][vc_single_image image=&#8220;19&#8243; alignment=&#8220;center&#8220; onclick=&#8220;custom_link&#8220; img_link_target=&#8220;_blank&#8220; link=&#8220;https:\/\/www.medicalc.cz\/&#8220;][\/vc_column_inner][vc_column_inner width=&#8220;1\/3&#8243;][mk_padding_divider size=&#8220;56&#8243;][vc_single_image image=&#8220;732&#8243; img_size=&#8220;full&#8220; alignment=&#8220;center&#8220; onclick=&#8220;custom_link&#8220; img_link_target=&#8220;_blank&#8220; link=&#8220;https:\/\/www.renomia.cz\/&#8220;][\/vc_column_inner][\/vc_row_inner][vc_row_inner][vc_column_inner width=&#8220;1\/3&#8243;][vc_single_image image=&#8220;22&#8243; img_size=&#8220;full&#8220; alignment=&#8220;center&#8220; onclick=&#8220;custom_link&#8220; img_link_target=&#8220;_blank&#8220; link=&#8220;https:\/\/www.vzp.cz\/&#8220;][\/vc_column_inner][vc_column_inner width=&#8220;1\/3&#8243;][vc_single_image image=&#8220;750&#8243; img_size=&#8220;full&#8220; alignment=&#8220;center&#8220; onclick=&#8220;custom_link&#8220; img_link_target=&#8220;_blank&#8220; link=&#8220;https:\/\/www.zpmvcr.cz\/&#8220;][\/vc_column_inner][vc_column_inner width=&#8220;1\/3&#8243;][\/vc_column_inner][\/vc_row_inner][mk_padding_divider size=&#8220;80&#8243;][vc_row_inner][vc_column_inner][vc_column_text align=&#8220;center&#8220;]\n<h4>PARTNE\u0158I WORKSHOP\u016e<\/h4>\n[\/vc_column_text][\/vc_column_inner][\/vc_row_inner][vc_row_inner][vc_column_inner][vc_single_image image=&#8220;554&#8243; img_size=&#8220;medium&#8220; alignment=&#8220;center&#8220; onclick=&#8220;custom_link&#8220; img_link_target=&#8220;_blank&#8220; link=&#8220;http:\/\/www.exray.cz\/&#8220;][\/vc_column_inner][\/vc_row_inner][mk_padding_divider size=&#8220;80&#8243;][vc_row_inner][vc_column_inner][vc_column_text align=&#8220;center&#8220;]\n<h4>OSTATN\u00cd SPONZO\u0158I<\/h4>\n[\/vc_column_text][\/vc_column_inner][\/vc_row_inner][vc_row_inner][vc_column_inner][\/vc_column_inner][\/vc_row_inner][vc_row_inner][vc_column_inner width=&#8220;1\/3&#8243;][mk_padding_divider size=&#8220;30&#8243;][vc_single_image image=&#8220;752&#8243; img_size=&#8220;full&#8220; alignment=&#8220;center&#8220; onclick=&#8220;custom_link&#8220; img_link_target=&#8220;_blank&#8220; link=&#8220;https:\/\/www.altreva.cz\/cs\/&#8220;][\/vc_column_inner][vc_column_inner width=&#8220;1\/3&#8243;][vc_single_image image=&#8220;20&#8243; img_size=&#8220;medium&#8220; alignment=&#8220;center&#8220; onclick=&#8220;custom_link&#8220; img_link_target=&#8220;_blank&#8220; link=&#8220;https:\/\/www.apatykaservis.cz\/&#8220;][\/vc_column_inner][vc_column_inner width=&#8220;1\/3&#8243;][mk_padding_divider size=&#8220;50&#8243;][vc_single_image image=&#8220;910&#8243; img_size=&#8220;full&#8220; alignment=&#8220;center&#8220; onclick=&#8220;custom_link&#8220; img_link_target=&#8220;_blank&#8220; link=&#8220;https:\/\/www.grada.cz\/&#8220;][\/vc_column_inner][\/vc_row_inner][vc_row_inner][vc_column_inner width=&#8220;1\/3&#8243;][vc_single_image image=&#8220;901&#8243; img_size=&#8220;full&#8220; onclick=&#8220;custom_link&#8220; img_link_target=&#8220;_blank&#8220; link=&#8220;https:\/\/www.lilly.cz\/&#8220;][\/vc_column_inner][vc_column_inner width=&#8220;1\/3&#8243;][vc_single_image image=&#8220;438&#8243; img_size=&#8220;full&#8220; onclick=&#8220;custom_link&#8220; img_link_target=&#8220;_blank&#8220; link=&#8220;https:\/\/www.olympus.cz\/&#8220;][\/vc_column_inner][vc_column_inner width=&#8220;1\/3&#8243;][vc_single_image image=&#8220;748&#8243; img_size=&#8220;medium&#8220; alignment=&#8220;center&#8220; onclick=&#8220;custom_link&#8220; img_link_target=&#8220;_blank&#8220; link=&#8220;https:\/\/www.roche.cz\/&#8220;][\/vc_column_inner][\/vc_row_inner][mk_padding_divider size=&#8220;80&#8243;][vc_column_text align=&#8220;center&#8220;]\n<h4>VYSTAVOVATEL\u00c9<\/h4>\n<div id=\"gtx-trans\" style=\"position: absolute; left: -10px; top: 43.075px;\"><\/div>\n[\/vc_column_text][vc_row_inner][vc_column_inner width=&#8220;1\/3&#8243;][mk_padding_divider size=&#8220;60&#8243;][vc_single_image image=&#8220;402&#8243; img_size=&#8220;full&#8220; alignment=&#8220;center&#8220; onclick=&#8220;custom_link&#8220; img_link_target=&#8220;_blank&#8220; link=&#8220;https:\/\/www.lohmann-rauscher.com\/cz-cs\/&#8220;][\/vc_column_inner][vc_column_inner width=&#8220;1\/3&#8243;][mk_padding_divider size=&#8220;35&#8243;][vc_single_image image=&#8220;899&#8243; img_size=&#8220;full&#8220; onclick=&#8220;custom_link&#8220; img_link_target=&#8220;_blank&#8220; link=&#8220;https:\/\/www.convatec.cz\/&#8220;][\/vc_column_inner][vc_column_inner width=&#8220;1\/3&#8243;][vc_single_image image=&#8220;885&#8243; img_size=&#8220;medium&#8220; onclick=&#8220;custom_link&#8220; img_link_target=&#8220;_blank&#8220; link=&#8220;https:\/\/wobenzym.cz\/&#8220;][\/vc_column_inner][\/vc_row_inner]\n","protected":false},"excerpt":{"rendered":"<p>[mk_page_section][vc_column][vc_row_inner][vc_column_inner width=&#8220;1\/2&#8243;][vc_column_text] Co \u010dek\u00e1 pacienty i l\u00e9ka\u0159e v\u00a0ambulanc\u00edch? \u0160irok\u00e9 spektrum t\u00e9mat, nov\u00e9 znalosti a trendy, konkr\u00e9tn\u00ed postupy v\u00a0u\u017eite\u010dn\u00fdch workshopech \u2013 takov\u00e1 byla ji\u017e 5. celost\u00e1tn\u00ed konference ambulantn\u00ed p\u00e9\u010de, kter\u00e1 prob\u011bhla 14. z\u00e1\u0159\u00ed v Praze. Setk\u00e1n\u00ed l\u00e9ka\u0159\u016f, sester a dal\u0161\u00edch zdravotnick\u00fdch pracovn\u00edk\u016f se kv\u016fli pandemii chystalo dva roky, a tak krom\u011b poznatk\u016f z dobr\u00e9 medic\u00edny p\u0159ineslo [&hellip;]<\/p>\n","protected":false},"author":10,"featured_media":0,"parent":34,"menu_order":0,"comment_status":"closed","ping_status":"closed","template":"","meta":{"footnotes":""},"_links":{"self":[{"href":"https:\/\/www.ambulance21.cz\/wp-json\/wp\/v2\/pages\/915"}],"collection":[{"href":"https:\/\/www.ambulance21.cz\/wp-json\/wp\/v2\/pages"}],"about":[{"href":"https:\/\/www.ambulance21.cz\/wp-json\/wp\/v2\/types\/page"}],"author":[{"embeddable":true,"href":"https:\/\/www.ambulance21.cz\/wp-json\/wp\/v2\/users\/10"}],"replies":[{"embeddable":true,"href":"https:\/\/www.ambulance21.cz\/wp-json\/wp\/v2\/comments?post=915"}],"version-history":[{"count":7,"href":"https:\/\/www.ambulance21.cz\/wp-json\/wp\/v2\/pages\/915\/revisions"}],"predecessor-version":[{"id":1111,"href":"https:\/\/www.ambulance21.cz\/wp-json\/wp\/v2\/pages\/915\/revisions\/1111"}],"up":[{"embeddable":true,"href":"https:\/\/www.ambulance21.cz\/wp-json\/wp\/v2\/pages\/34"}],"wp:attachment":[{"href":"https:\/\/www.ambulance21.cz\/wp-json\/wp\/v2\/media?parent=915"}],"curies":[{"name":"wp","href":"https:\/\/api.w.org\/{rel}","templated":true}]}}