{"id":441,"date":"2018-12-16T16:58:24","date_gmt":"2018-12-16T15:58:24","guid":{"rendered":"https:\/\/www.ambulance21.cz\/?page_id=441"},"modified":"2022-08-11T16:47:17","modified_gmt":"2022-08-11T15:47:17","slug":"3-rocnik","status":"publish","type":"page","link":"https:\/\/www.ambulance21.cz\/predchozi-rocniky\/3-rocnik\/","title":{"rendered":"3. ro\u010dn\u00edk"},"content":{"rendered":"[mk_page_section][vc_column][vc_row_inner][vc_column_inner width=&#8220;1\/2&#8243;][vc_column_text]\n<h3 style=\"text-align: center;\">L\u00e9ka\u0159i z ambulanc\u00ed cel\u00e9 republiky se\u00a0se\u0161li v Praze<\/h3>\n<p><strong>Co \u010dek\u00e1 pacienty v ordinac\u00edch ambulantn\u00edch specialist\u016f? O tom jednali \u00fa\u010dastn\u00edci 3. celost\u00e1tn\u00ed konference ambulantn\u00ed p\u00e9\u010de, kter\u00e1 se konala v Praze za podpory zdravotnick\u00e9 skupiny EUC.<\/strong><\/p>\n<p>Leto\u0161n\u00ed ro\u010dn\u00edk byl v\u011bnov\u00e1n p\u0159edev\u0161\u00edm nov\u00fdm trend\u016fm v diabetologii a praktick\u00e9m l\u00e9ka\u0159stv\u00ed. Zazn\u011blo zde nap\u0159\u00edklad, \u017ee vzhledem k rostouc\u00edmu po\u010dtu informac\u00ed se budoucnost ambulantn\u00ed p\u00e9\u010de neobejde bez telemedic\u00edny, kdy \u010d\u00e1st n\u00e1v\u0161t\u011bv u l\u00e9ka\u0159e nahrad\u00ed modern\u00ed technologie. K velk\u00fdm zm\u011bn\u00e1m pro pacienty i l\u00e9ka\u0159e doch\u00e1z\u00ed v souvislosti s ochranou soukrom\u00ed, proto\u017ee pr\u00e1v\u011b rozvoj modern\u00edch technologi\u00ed \u010dasto komplikuje povinnost zachov\u00e1n\u00ed ml\u010denlivosti o \u00fadaj\u00edch.<\/p>\n<p>P\u0159edn\u00ed odborn\u00edci z \u010cesk\u00e9 republiky i ze Slovenska rovn\u011b\u017e hovo\u0159ili o novink\u00e1ch v oboru gastroenterologick\u00e9 endoskopie, sou\u010dasn\u00fdch mo\u017enostech i \u00faskal\u00edch tzv. jednodenn\u00ed chirurgie \u010di o modern\u00ed l\u00e9\u010db\u011b atopick\u00e9ho ekz\u00e9mu.<\/p>\n<p>Dal\u0161\u00ed obs\u00e1hl\u00fd blok se zam\u011b\u0159il na l\u00e9\u010dbu st\u00e1le roz\u0161\u00ed\u0159en\u011bj\u0161\u00edho diabetu. Krom\u011b p\u0159ehledu novinek ve farmakoterapii a technologi\u00edch tohoto oboru p\u0159inesl i shrnut\u00ed v\u00fd\u017eivov\u00fdch doporu\u010den\u00ed, jejich\u017e univerz\u00e1ln\u00ed platnost byla ji\u017e vyvr\u00e1cena. I mnoh\u00e9 p\u0159\u00edtomn\u00e9 p\u0159ekvapilo, \u017ee se dnes u\u017e netrv\u00e1 na n\u00edzkotu\u010dn\u00e9 diet\u011b ani na p\u0159\u00edjmu 5\u20136 men\u0161\u00edch porc\u00ed denn\u011b nebo na vhodnosti slazen\u00ed frukt\u00f3zou.<\/p>\n<p>P\u0159\u00edle\u017eitost\u00ed k zamy\u0161len\u00ed pro p\u0159\u00edtomn\u00e9 l\u00e9ka\u0159e i zdravotn\u00ed sestry byla p\u0159edn\u00e1\u0161ka Marka V\u00e1chy, kn\u011bze, pedagoga a p\u0159ednosty \u00dastavu etiky a humanitn\u00edch studi\u00ed 3. LF UK o etice v medic\u00edn\u011b. Konference se tak stala inspirac\u00ed a nov\u00fdm impulsem do dal\u0161\u00edho rozvoje ambulantn\u00edch prax\u00ed.<\/p>\n<p>Konferenci organizovala spole\u010dnost We Make Media, s. r. o.[\/vc_column_text][\/vc_column_inner][vc_column_inner width=&#8220;1\/2&#8243;][vc_column_text]\n<h3>Program<\/h3>\n<h3><span style=\"color: #e30d7d;\">DOPOLEDN\u00cd \u010c\u00c1ST<\/span><\/h3>\n<h4>8:50\u20139:00 Slavnostn\u00ed zah\u00e1jen\u00ed<\/h4>\n<p>Ing. V\u00e1clav Vachta, MBA, MUDr. Barbara Tau\u0161ov\u00e1<\/p>\n<h3><\/h3>\n<h3><span style=\"color: #017bc4;\">NOV\u00c9 TRENDY V MEDIC\u00cdN\u011a<\/span><\/h3>\n<p>9:00\u20139:20 <strong><em>Novinky v digestivn\u00ed endoskopii<\/em><\/strong><br \/>\nprof. MUDr. Julius \u0160pi\u010d\u00e1k, CSc.<\/p>\n<p>9:20\u20139:40 <strong><em>Sou\u010dasn\u00e9 mo\u017enosti tzv. jednodenn\u00ed p\u00e9\u010de l\u016f\u017ekov\u00e9 na chirurgick\u00e9m <\/em><\/strong><strong><em>odd\u011blen\u00ed<\/em><\/strong><br \/>\nMUDr. Daniel Ehrenberger<\/p>\n<p>9:40\u201310:00 <strong><em>HIV \u2013 chronick\u00e1 lie\u010dite\u013en\u00e1 choroba <\/em><\/strong><br \/>\nprof. MUDr. Pavol Jar\u010du\u0161ka, PhD.<\/p>\n<p>10:00\u201310:15 Diskuze<\/p>\n<p>10:15\u201310:45 Coffee break<\/p>\n<h3><\/h3>\n<h3><span style=\"color: #017bc4;\">PRAKTICK\u00c9 L\u00c9KA\u0158STV\u00cd<\/span><\/h3>\n<p>10:45\u201311:00 <em><strong>Atopick\u00e1 dermatitida &#8211; co nov\u00e9ho?<\/strong><\/em><br \/>\nMUDr. Anna Jir\u00e1kov\u00e1, Ph.D.<\/p>\n<p>11:00\u201311:15 <strong><em>Zaj\u00edmav\u00e9 kazuistiky z ordinace praktick\u00e9ho l\u00e9ka\u0159e <\/em><\/strong><br \/>\nMUDr. Eva Kr\u00e1mkov\u00e1<\/p>\n<p>11:15\u201311:30 <strong><em>Telemedic\u00edna<\/em><\/strong><br \/>\nMUDr. Vladim\u00edr Marek<\/p>\n<p>11:30\u201311:45 Diskuze<\/p>\n<h3><\/h3>\n<h3><span style=\"color: #017bc4;\">SESTRA JE N\u00c1\u0160 PARTNER<\/span><\/h3>\n<p>11:45\u201312:00 <strong><em>Role sestry v ordinaci praktick\u00e9ho l\u00e9ka\u0159e v 21. stolet\u00ed<\/em><\/strong><br \/>\nMUDr. Norbert Kr\u00e1l<\/p>\n<p>12:00\u201312:30 <strong><em>Etika ve zdravotnictv\u00ed<\/em><\/strong><br \/>\nMgr. et Mgr. Marek V\u00e1cha, Ph.D<\/p>\n<p>12:30\u201312:45 <strong><em>Jak nevyho\u0159et<\/em><\/strong><br \/>\nMgr. Jolana Strnadov\u00e1<\/p>\n<p>12:45\u201313:00 Diskuze<\/p>\n<p>13:00\u201314:00 Ob\u011bd<\/p>\n<p><em>14:00\u201314:15 Slavnostn\u00ed p\u0159ed\u00e1v\u00e1n\u00ed v\u00fdro\u010dn\u00ed Ceny prof. Franti\u0161ka K\u00f6lbela<\/em><\/p>\n<h3><\/h3>\n<p>&nbsp;<\/p>\n<h3><span style=\"color: #e30d7d;\">ODPOLEDN\u00cd \u010c\u00c1ST <\/span><\/h3>\n<h3><span style=\"color: #017bc4;\">DIABETOLOGIE<\/span><\/h3>\n<p>14:15\u201314:30 <strong><em>Novinky v diabetologii<\/em><\/strong><br \/>\nMUDr. Katar\u00edna Hal\u010diakov\u00e1<\/p>\n<p>14:30\u201314:45 <strong><em>V\u00fd\u017eivov\u00e9 m\u00fdty <\/em><\/strong><br \/>\nMUDr. Hana Krej\u010d\u00ed, Ph.D.<\/p>\n<p>14:45\u201315:00 <strong><em>Fyzick\u00e1 aktivita zpomaluje st\u00e1rnut\u00ed u osob s diabetem<\/em><\/strong><br \/>\nprof. MUDr. Zden\u011bk Ru\u0161av\u00fd, Ph.D.<\/p>\n<p>15:00\u201315:15 Diskuze<\/p>\n<p>15:15\u201315:45 Coffee break<\/p>\n<h3><\/h3>\n<h3><span style=\"color: #017bc4;\">PR\u00c1VO V MEDIC\u00cdN\u011a<\/span><\/h3>\n<p>15:45\u201316:15 <em> <strong>Pr\u00e1vn\u00ed aspekty ochrany soukrom\u00ed ve zdravotnictv\u00ed<\/strong><\/em><br \/>\nMUDr. et Mgr. Jolana T\u011b\u0161inov\u00e1, Ph.D<\/p>\n<p>16:15\u201316:30 Diskuze<\/p>\n<p>16:30 Zakon\u010den\u00ed konference[\/vc_column_text][\/vc_column_inner][\/vc_row_inner][vc_row_inner][vc_column_inner][vc_column_text]\n<h3>Fotogalerie<\/h3>\n[\/vc_column_text][vc_images_carousel images=&#8220;444,459,458,456,455,454,453,452,451,450,449,448,447,446,445&#8243; img_size=&#8220;full&#8220; slides_per_view=&#8220;6&#8243; hide_pagination_control=&#8220;yes&#8220; wrap=&#8220;yes&#8220;][\/vc_column_inner][\/vc_row_inner][\/vc_column][\/mk_page_section][mk_page_section][\/mk_page_section][vc_row][vc_column][vc_column_text align=&#8220;center&#8220;]\n<h3 style=\"text-align: center;\">Gener\u00e1ln\u00ed partner<\/h3>\n[\/vc_column_text][vc_row_inner][vc_column_inner][vc_single_image image=&#8220;7&#8243; img_size=&#8220;255&#215;226&#8243; alignment=&#8220;center&#8220; onclick=&#8220;custom_link&#8220; img_link_target=&#8220;_blank&#8220; link=&#8220;http:\/\/www.euc.cz\/&#8220; css=&#8220;.vc_custom_1544978248637{margin-top: 20px !important;}&#8220;][mk_padding_divider size=&#8220;10&#8243;][\/vc_column_inner][\/vc_row_inner][\/vc_column][\/vc_row][vc_row][vc_column][vc_column_text]\n[\/vc_column_text][\/vc_column][\/vc_row][vc_row][vc_column][\/vc_column][vc_column_text align=&#8220;center&#8220;]\n<h3 style=\"text-align: center;\">Partne\u0159i<\/h3>\n[\/vc_column_text][mk_padding_divider][\/vc_row][vc_row][vc_column][vc_column_text]\n[\/vc_column_text][\/vc_column][\/vc_row][vc_row][vc_column width=&#8220;1\/4&#8243;][vc_single_image image=&#8220;20&#8243; img_size=&#8220;medium&#8220; onclick=&#8220;custom_link&#8220; link=&#8220;https:\/\/www.apatykaservis.cz\/&#8220;][\/vc_column][vc_column width=&#8220;1\/4&#8243;][vc_single_image image=&#8220;94&#8243; img_size=&#8220;full&#8220; add_caption=&#8220;yes&#8220; onclick=&#8220;custom_link&#8220; img_link_target=&#8220;_blank&#8220; link=&#8220;https:\/\/www.lilly.cz\/cs\/index.aspx&#8220;][\/vc_column][vc_column width=&#8220;1\/4&#8243;][vc_single_image image=&#8220;402&#8243; img_size=&#8220;full&#8220; add_caption=&#8220;yes&#8220; alignment=&#8220;center&#8220; onclick=&#8220;custom_link&#8220; img_link_target=&#8220;_blank&#8220; link=&#8220;https:\/\/www.lohmann-rauscher.com\/cz-cs\/&#8220;][\/vc_column][vc_column width=&#8220;1\/4&#8243;][vc_single_image image=&#8220;19&#8243; img_size=&#8220;150&#215;150&#8243; onclick=&#8220;custom_link&#8220; img_link_target=&#8220;_blank&#8220; link=&#8220;http:\/\/medicalc.cz\/&#8220;][\/vc_column][\/vc_row][vc_row][vc_column width=&#8220;1\/4&#8243;][vc_single_image image=&#8220;438&#8243; img_size=&#8220;medium&#8220; onclick=&#8220;custom_link&#8220; link=&#8220;https:\/\/www.olympus.cz\/&#8220;][\/vc_column][vc_column width=&#8220;1\/4&#8243;][vc_single_image image=&#8220;278&#8243; img_size=&#8220;medium&#8220; onclick=&#8220;custom_link&#8220; link=&#8220;http:\/\/renomia.cz\/&#8220;][\/vc_column][vc_column width=&#8220;1\/4&#8243;][vc_single_image image=&#8220;430&#8243; onclick=&#8220;custom_link&#8220; link=&#8220;https:\/\/www.shaper.cz\/&#8220;][\/vc_column][vc_column width=&#8220;1\/4&#8243;][vc_single_image image=&#8220;71&#8243; img_size=&#8220;medium&#8220; onclick=&#8220;custom_link&#8220; link=&#8220;http:\/\/www.schubert24.cz\/&#8220;][\/vc_column][\/vc_row][vc_row][vc_column width=&#8220;1\/4&#8243;][vc_single_image image=&#8220;22&#8243; img_size=&#8220;medium&#8220; onclick=&#8220;custom_link&#8220; img_link_target=&#8220;_blank&#8220; link=&#8220;https:\/\/www.vzp.cz\/&#8220;][\/vc_column][\/vc_row][vc_row][vc_column][mk_padding_divider size=&#8220;38&#8243;][vc_column_text]\n<h4 style=\"text-align: center;\">MEDI\u00c1LN\u00cd PARTNE\u0158I<\/h4>\n[\/vc_column_text][mk_padding_divider size=&#8220;53&#8243;][\/vc_column][\/vc_row][vc_row][vc_column width=&#8220;1\/4&#8243;][vc_single_image image=&#8220;389&#8243; img_size=&#8220;medium&#8220; alignment=&#8220;center&#8220; onclick=&#8220;custom_link&#8220; img_link_target=&#8220;_blank&#8220; link=&#8220;https:\/\/www.averia.news\/&#8220;][\/vc_column][vc_column width=&#8220;1\/4&#8243;][vc_single_image image=&#8220;95&#8243; img_size=&#8220;full&#8220; alignment=&#8220;center&#8220; onclick=&#8220;custom_link&#8220; img_link_target=&#8220;_blank&#8220; link=&#8220;http:\/\/www.florence.cz\/&#8220;][\/vc_column][vc_column width=&#8220;1\/4&#8243;][vc_single_image image=&#8220;335&#8243; img_size=&#8220;medium&#8220; onclick=&#8220;custom_link&#8220; img_link_target=&#8220;_blank&#8220; link=&#8220;https:\/\/www.tribune.cz\/zpravy&#8220;][\/vc_column][vc_column width=&#8220;1\/4&#8243;][vc_single_image image=&#8220;392&#8243; img_size=&#8220;medium&#8220; alignment=&#8220;center&#8220; onclick=&#8220;custom_link&#8220; img_link_target=&#8220;_blank&#8220; link=&#8220;https:\/\/www.b2b-nn.com\/&#8220;][\/vc_column][vc_column][vc_single_image image=&#8220;75&#8243; img_size=&#8220;medium&#8220; onclick=&#8220;custom_link&#8220; img_link_target=&#8220;_blank&#8220; link=&#8220;http:\/\/www.zdravotnickenoviny.com\/&#8220;][\/vc_column][\/vc_row]\n","protected":false},"excerpt":{"rendered":"<p>[mk_page_section][vc_column][vc_row_inner][vc_column_inner width=&#8220;1\/2&#8243;][vc_column_text] L\u00e9ka\u0159i z ambulanc\u00ed cel\u00e9 republiky se\u00a0se\u0161li v Praze Co \u010dek\u00e1 pacienty v ordinac\u00edch ambulantn\u00edch specialist\u016f? O tom jednali \u00fa\u010dastn\u00edci 3. celost\u00e1tn\u00ed konference ambulantn\u00ed p\u00e9\u010de, kter\u00e1 se konala v Praze za podpory zdravotnick\u00e9 skupiny EUC. Leto\u0161n\u00ed ro\u010dn\u00edk byl v\u011bnov\u00e1n p\u0159edev\u0161\u00edm nov\u00fdm trend\u016fm v diabetologii a praktick\u00e9m l\u00e9ka\u0159stv\u00ed. Zazn\u011blo zde nap\u0159\u00edklad, \u017ee vzhledem k rostouc\u00edmu [&hellip;]<\/p>\n","protected":false},"author":10,"featured_media":0,"parent":34,"menu_order":0,"comment_status":"closed","ping_status":"closed","template":"","meta":{"footnotes":""},"_links":{"self":[{"href":"https:\/\/www.ambulance21.cz\/wp-json\/wp\/v2\/pages\/441"}],"collection":[{"href":"https:\/\/www.ambulance21.cz\/wp-json\/wp\/v2\/pages"}],"about":[{"href":"https:\/\/www.ambulance21.cz\/wp-json\/wp\/v2\/types\/page"}],"author":[{"embeddable":true,"href":"https:\/\/www.ambulance21.cz\/wp-json\/wp\/v2\/users\/10"}],"replies":[{"embeddable":true,"href":"https:\/\/www.ambulance21.cz\/wp-json\/wp\/v2\/comments?post=441"}],"version-history":[{"count":16,"href":"https:\/\/www.ambulance21.cz\/wp-json\/wp\/v2\/pages\/441\/revisions"}],"predecessor-version":[{"id":481,"href":"https:\/\/www.ambulance21.cz\/wp-json\/wp\/v2\/pages\/441\/revisions\/481"}],"up":[{"embeddable":true,"href":"https:\/\/www.ambulance21.cz\/wp-json\/wp\/v2\/pages\/34"}],"wp:attachment":[{"href":"https:\/\/www.ambulance21.cz\/wp-json\/wp\/v2\/media?parent=441"}],"curies":[{"name":"wp","href":"https:\/\/api.w.org\/{rel}","templated":true}]}}