{"id":1284,"date":"2022-11-22T19:33:31","date_gmt":"2022-11-22T18:33:31","guid":{"rendered":"https:\/\/www.ambulance21.cz\/?page_id=1284"},"modified":"2022-11-22T21:37:48","modified_gmt":"2022-11-22T20:37:48","slug":"6-rocnik","status":"publish","type":"page","link":"https:\/\/www.ambulance21.cz\/predchozi-rocniky\/6-rocnik\/","title":{"rendered":"6. ro\u010dn\u00edk"},"content":{"rendered":"[mk_page_section][vc_column][vc_row_inner][vc_column_inner width=&#8220;1\/2&#8243;][vc_column_text]\n<p><strong>Tradi\u010dn\u00ed celost\u00e1tn\u00ed konference ambulantn\u00ed p\u00e9\u010de se ji\u017e po \u0161est\u00e9 konala 18. 10. 2022&nbsp;v&nbsp;Praze. \u00dast\u0159edn\u00edm t\u00e9matem se stalo onemocn\u011bn\u00ed covid 19 a st\u00e1le v\u00fdrazn\u011bj\u0161\u00ed pod\u00edl telemedic\u00edny<\/strong>.<\/p>\n<p>Pro \u00fa\u010dastn\u00edky v\u0161ak byly p\u0159ipraveny t\u0159i bloky odborn\u00fdch p\u0159edn\u00e1\u0161ek z&nbsp;mnoha dal\u0161\u00edch obor\u016f, p\u0159edev\u0161\u00edm revmatologie, a dv\u011b sekce s praktick\u00fdmi workshopy ((UZV v&nbsp;ordinaci praktika a kardiopulmon\u00e1ln\u00ed resuscitace se z\u00e1kladn\u00edmi pom\u016fckami).<\/p>\n<p><strong>Anna-Karin Edsted Bonami<\/strong>, gener\u00e1ln\u00ed \u0159editelka Doctrin AB upozornila, \u017ee telemedic\u00edna nem\u00e1 b\u00fdt n\u00e1hradou fyzick\u00e9 medic\u00edny, ale jej\u00edm dopl\u0148kem a nadstavbou, kter\u00e1 umo\u017en\u00ed jej\u00ed zefektivn\u011bn\u00ed. &nbsp;Platformu Doctrin t\u00e9to p\u0159edn\u00ed \u0161v\u00e9dsk\u00e9 technologick\u00e9 spole\u010dnosti vyu\u017e\u00edv\u00e1 zdravotnick\u00e1 skupina EUC, v\u00fdznamn\u00fd pr\u016fkopn\u00edk telemedic\u00edny v&nbsp;\u010cR, jej\u00ed\u017e z\u00e1stupce Tom\u00e1\u0161 Dole\u017eal na konferenci hovo\u0159il o vyu\u017e\u00edv\u00e1n\u00ed zahrani\u010dn\u00edch zku\u0161enost\u00ed v&nbsp;\u010desk\u00e9 ambulantn\u00ed praxi.<\/p>\n<p>D\u011bkan L\u00e9ka\u0159sk\u00e9 fakulty Ostravsk\u00e9 univerzity <strong>doc. MUDr. Rastislav Ma\u010far, PhD. <\/strong>jako jedna z&nbsp;nejv\u00fdznamn\u011bj\u0161\u00edch tv\u00e1\u0159\u00ed boje proti covidu hovo\u0159il o pou\u010den\u00ed, kter\u00e9 by z&nbsp;p\u0159edchoz\u00edch vln m\u011blo vzej\u00edt, a na p\u0159ehledn\u00fdch grafech a modelac\u00edch dolo\u017eil, kde \u00fa\u0159ady ud\u011blaly chybu navzdory doporu\u010den\u00edm odborn\u00edk\u016f. P\u0159ed nadch\u00e1zej\u00edc\u00ed sez\u00f3nou respira\u010dn\u00edch onemocn\u011bn\u00ed zn\u011bla jeho p\u0159ekvapiv\u00e1 zji\u0161t\u011bn\u00ed obzvl\u00e1\u0161\u0165 varovn\u011b.<\/p>\n<p>V&nbsp;odpoledn\u00edm bloku pak na tuto problematiku nav\u00e1zala <strong>MUDr. Jana Vysko\u010dilov\u00e1<\/strong> z&nbsp;EUC Kliniky Plze\u0148, kter\u00e1 se v\u011bnovala neinvazivn\u00ed ventilaci u postcovidov\u00e9ho syndromu. Pomoc\u00ed precizn\u00ed kazuistiky prok\u00e1zala nutnost rychl\u00e9 reakce je\u0161t\u011b v&nbsp;akutn\u00edm st\u00e1diu onemocn\u011bn\u00ed covid -19, kter\u00e1 m\u016f\u017ee zabr\u00e1nit rozs\u00e1hl\u00e9mu po\u0161kozen\u00ed zdrav\u00ed.<\/p>\n<p>Ve druh\u00e9m bloku rovn\u011b\u017e vystoupil <strong>prof. PhDr. Michal Miovsk\u00fd<\/strong>, p\u0159ednosta Kliniky adiktologie 1. LF UK a VFN. Jeho vystoupen\u00ed bylo v\u011bnov\u00e1no nejen historii oboru, ale nab\u00eddlo i praktick\u00e9 vyu\u017eit\u00ed v&nbsp;podob\u011b p\u0159ehledu sou\u010dasn\u00e9ho \u00fasp\u011b\u0161n\u00e9ho organiza\u010dn\u00edho sch\u00e9matu adiktologick\u00fdch a dorostov\u00fdch ambulanc\u00ed v&nbsp;\u010cR. Umo\u017en\u00ed tak nasm\u011brovat klienty k&nbsp;odborn\u00e9 p\u00e9\u010di, kter\u00e1 m\u00e1 z\u00e1sadn\u00ed v\u00fdznam, nebo\u0165 problematika spojen\u00e1 s&nbsp;t\u00edmto oborem st\u00e1le v\u00edce ovliv\u0148uje celou spole\u010dnost.<\/p>\n<p>Souvisej\u00edc\u00edm t\u00e9matem byla dal\u0161\u00ed p\u0159edn\u00e1\u0161ka, v&nbsp;n\u00ed\u017e se <strong>doc. PhDr. Ludmila \u010c\u00edrtkov\u00e1, CSc., dr.h.c<\/strong>. v\u011bnovala dom\u00e1c\u00edmu n\u00e1sil\u00ed z&nbsp;pohledu ambulantn\u00ed p\u00e9\u010de. P\u0159ipomn\u011bla, \u017ee pr\u00e1v\u011b v&nbsp;ordinac\u00edch je t\u0159eba u\u017e p\u0159i intuitivn\u00edm podez\u0159en\u00ed v\u017edy polo\u017eit dotaz na n\u00e1sil\u00ed. Zd\u016fraznila tak\u00e9 v\u00fdznam dostupn\u011b ulo\u017een\u00fdch bro\u017eurek a let\u00e1k\u016f.<\/p>\n<p><strong>MUDr. David Such\u00fd, Ph.D<\/strong>. z&nbsp;FN Plze\u0148 jeden z&nbsp;p\u0159edn\u00edch expert\u016f na revmatick\u00e1 onemocn\u011bn\u00ed, hovo\u0159il o onemocn\u011bn\u00ed polymiagia rheumatica, typick\u00e9mu pro populaci nad 50 let v\u011bku, jako o \u010dasto opom\u00edjen\u00e9 diagn\u00f3ze, u n\u00ed\u017e neexistuje specifick\u00fd test k&nbsp;jej\u00edmu prok\u00e1z\u00e1n\u00ed. Proto je nutn\u00e9 vylou\u010den\u00ed ostatn\u00edch z\u00e1n\u011btliv\u00fdch revmatick\u00fdch onemocn\u011bn\u00ed a jin\u00fdch p\u0159\u00ed\u010din bolest\u00ed. P\u0159ipomn\u011bl v\u00fdznam edukace, proto\u017ee \u010d\u00e1st pacient\u016f mus\u00ed b\u00fdt l\u00e9\u010dena glukokortikoidy i d\u00e9le ne\u017e dva roky.<\/p>\n<p>Koho odeslat k&nbsp;revmatologovi? Na tuto ot\u00e1zku odpov\u011bd\u011bl dal\u0161\u00ed v\u00fdznamn\u00fd odborn\u00edk oboru <strong>MUDr. Jan Vo\u0159\u00ed\u0161ek<\/strong> z&nbsp;FN Plze\u0148 v&nbsp;p\u0159edn\u00e1\u0161ce o z\u00e1n\u011btliv\u00fdch revmatick\u00fdch onemocn\u011bn\u00edch s&nbsp;posti\u017een\u00edm axi\u00e1ln\u00edho skeletu. Upozornil na \u010dasto zd\u00e1nliv\u011b nesouvisej\u00edc\u00ed projevy t\u011bchto nemoc\u00ed i na fakt, \u017ee od prvn\u00edch bolest\u00ed zad do stanoven\u00ed diagn\u00f3zy uplyne v pr\u016fm\u011bru dev\u011bt let.<\/p>\n<p><strong>Gener\u00e1ln\u00edm partnerem&nbsp;konference byla skupina EUC, nejv\u011bt\u0161\u00ed poskytovatel ambulantn\u00ed p\u00e9\u010de v&nbsp;\u010cR, po\u0159adatelem a organiz\u00e1torem agentura We Make Media.<\/strong><\/p>\n<p><strong>\u0160irok\u00e9 spektrum t\u00e9mat, nov\u00e9 znalosti a trendy, konkr\u00e9tn\u00ed postupy v&nbsp;u\u017eite\u010dn\u00fdch workshopech \u2013 takov\u00e1 byla ji\u017e 5. celost\u00e1tn\u00ed konference ambulantn\u00ed p\u00e9\u010de, kter\u00e1 prob\u011bhla 14. z\u00e1\u0159\u00ed v Praze. <\/strong><\/p>\n<p>Setk\u00e1n\u00ed l\u00e9ka\u0159\u016f, sester a dal\u0161\u00edch zdravotnick\u00fdch pracovn\u00edk\u016f se kv\u016fli pandemii chystalo dva roky, a tak krom\u011b poznatk\u016f z dobr\u00e9 medic\u00edny p\u0159ineslo \u00fa\u010dastn\u00edk\u016fm i dobr\u00fd pocit ze setk\u00e1n\u00ed, jak v&nbsp;\u00favodu upozornila MUDr. Barbara Tau\u0161ov\u00e1, MBA, p\u0159edsedkyn\u011b odborn\u00e9 rady zdravotnick\u00e9 skupiny EUC, za jej\u00ed\u017e podpory se konference konala.<\/p>\n<p>Motto konference \u2013 \u00fa\u010dastn\u00edk\u016fm souhrnn\u011b podat nov\u00e9 trendy v&nbsp;ambulantn\u00ed p\u00e9\u010di \u2013 se prom\u00edtlo do v\u0161ech t\u00e9mat prezentovan\u00fdch p\u0159edn\u00edmi odborn\u00edky dan\u00e9ho oboru, kte\u0159\u00ed nav\u00edc ochotn\u011b odpov\u00eddali na v\u0161echny dotazy v&nbsp;bohat\u00fdch diskuz\u00edch. V&nbsp;r\u00e1mci dopoledn\u00edho bloku pod titulem Nov\u00e9 poznatky pro na\u0161i praxi vystoupili <strong>prof. MUDr. Jan Dane\u0161, CSc.<\/strong>, s&nbsp;t\u00e9matem ke screeningu a diagnostice karcinomu prsu, <strong>prof. MUDr. Martina Koziar Va\u0161\u00e1kov\u00e1, Ph.D.<\/strong>, s t\u00e9matem fibrotizuj\u00edc\u00edch interstici\u00e1ln\u00edch plicn\u00edch proces\u016f a <strong>prof. MUDr. Zden\u011bk Ru\u0161av\u00fd, Ph.D.<\/strong>, s&nbsp;p\u0159ehledem nov\u00fdch skupin l\u00e9k\u016f pro terapii diabetu 2. typu. Z\u00e1v\u011br pat\u0159il <strong>prof. MUDr. Vladim\u00edru Pali\u010dkovi, CSc., dr. h. c.<\/strong>, a roli ambulantn\u00edch specialist\u016f v p\u00e9\u010di o pacienty s&nbsp;osteopor\u00f3zou.<\/p>\n<p>Odpoledn\u00ed \u010d\u00e1st zah\u00e1jila aktu\u00e1ln\u00ed t\u00e9mata distan\u010dn\u00ed p\u00e9\u010de. <strong>Mgr. Daniel Soukup, MBA<\/strong>, shrnul sv\u011btov\u00e9 trendy v&nbsp;digitalizaci, <strong>MUDr. Petra Bomberov\u00e1 K\u00e1nsk\u00e1 <\/strong>hovo\u0159ila o praxi v&nbsp;ordinaci praktika.<\/p>\n<p>Zku\u0161enostem z&nbsp;praxe se v\u011bnoval tak\u00e9 <strong>MUDr. Ale\u0161 Ko\u010d\u00e1r<\/strong> s&nbsp;p\u0159edn\u00e1\u0161kou o mo\u017enostech vyu\u017eit\u00ed syst\u00e9mov\u00e9 enzymoterapie a d\u00e1le <strong>MUDr. Hana Roh\u00e1\u010dov\u00e1, Ph.D.<\/strong>, prim\u00e1\u0159ka Kliniky infek\u010dn\u00edch nemoc\u00ed FN Bulovka, s&nbsp;d\u016fle\u017eit\u00fdm shrnut\u00edm sou\u010dasn\u00fdch poznatk\u016f o onemocn\u011bn\u00ed vyvolan\u00e9m SARS-CoV-2.<\/p>\n<p>Sou\u010d\u00e1st\u00ed konference, kterou po\u0159\u00e1dala agentura We Make Media, se ji\u017e tradi\u010dn\u011b stalo p\u0159ed\u00e1n\u00ed v\u00fdro\u010dn\u00edch cen prof. MUDr. Franti\u0161ka K\u00f6lbela, DrSc., za mimo\u0159\u00e1dn\u00fd p\u0159\u00ednos pro zdravotnictv\u00ed. Letos ji z\u00edskala v&nbsp;kategorii nel\u00e9ka\u0159sk\u00e9ho person\u00e1lu <strong>Lucie Michal\u016f<\/strong> z&nbsp;l\u00e9ka\u0159sk\u00e9 pohotovosti EUC Kliniky Praha, v&nbsp;kategorii l\u00e9ka\u0159\u016f <strong>MUDr. Martin Hospodka, alergolog<\/strong> z&nbsp;Canadian Medical. Letos byla ud\u011blena rovn\u011b\u017e cena za celo\u017eivotn\u00ed p\u0159\u00ednos, kterou z\u00edskal <strong>MUDr. Ji\u0159\u00ed La\u0161t\u016fvka<\/strong> z&nbsp;odd\u011blen\u00ed ORL v&nbsp;EUC Klinice&nbsp;\u00dast\u00ed nad Labem.[\/vc_column_text][\/vc_column_inner][vc_column_inner width=&#8220;1\/2&#8243;][vc_column_text]\n<h1>Program<\/h1>\n<p><strong style=\"color: #e30d7d;\">HLAVN\u00cd SEKCE<\/strong><\/p>\n<p><em>Moderuje: MUDr. Ji\u0159\u00ed Pe\u0161ina<\/em><\/p>\n<p>Sn\u00eddan\u011b&nbsp;<strong style=\"color: #017bc4;\">8:00\u20139:00<\/strong><\/p>\n<p><strong style=\"color: #017bc4;\">SLAVNOSTN\u00cd ZAH\u00c1JEN\u00cd (9:00\u20139:10)<\/strong><\/p>\n<p><strong style=\"color: #017bc4;\">BLOK I. (9:10\u201310:40)<\/strong><\/p>\n<ul>\n<li><span style=\"text-decoration: underline;\"><strong class=\"sg-popup-id-1148\" style=\"color: #e30d7d; text-decoration: underline; cursor: pointer;\" data-popup-id=\"1148\">Anna-Karin Edstedt Bonamy, MD, PhD.<\/strong><\/span><em>\u2013 gener\u00e1ln\u00ed \u0159editelka Doctrin AB<\/em>\n<ul>\n<li><strong>T\u00e9ma: <\/strong><strong class=\"sg-popup-id-1152\" style=\"color: #017bc4; text-decoration: underline; cursor: pointer;\" data-popup-id=\"1152\">Telemedic\u00edna v praxi \u2013 skandin\u00e1vsk\u00e1 zku\u0161enost<\/strong><\/li>\n<\/ul>\n<\/li>\n<li><strong style=\"color: #e30d7d;\">MUDr. Tom\u00e1\u0161 Dole\u017eal<\/strong>\n<ul>\n<li><strong>T\u00e9ma: <\/strong><strong style=\"color: #017bc4;\">V\u00fdvoj telemedic\u00edny v prim\u00e1rn\u00ed p\u00e9\u010di v \u010cesk\u00e9 republice<\/strong><\/li>\n<\/ul>\n<\/li>\n<li><span style=\"text-decoration: underline;\"><strong class=\"sg-popup-id-767\" style=\"color: #e30d7d; text-decoration: underline; cursor: pointer;\" data-popup-id=\"767\">doc. MUDr. Rastislav Ma\u010far, Ph.D., MBA, FRCPS<\/strong><\/span><em>\u2013 vedouc\u00edm \u00dastavu epidemiologie a ochrany ve\u0159ejn\u00e9ho zdrav\u00ed<\/em>\n<ul>\n<li><strong>T\u00e9ma: <\/strong><strong style=\"color: #017bc4;\">Pandemie Covid-19 pohledem epidemiologa<\/strong><\/li>\n<\/ul>\n<\/li>\n<\/ul>\n<p>Coffee break <strong style=\"color: #017bc4;\">10:40\u201311:00<\/strong><\/p>\n<p><strong style=\"color: #017bc4;\">Blok II. (11:00\u201312:15)<\/strong><\/p>\n<ul>\n<li><strong style=\"color: #e30d7d;\">p\u0159ed\u00e1n\u00ed Ceny prof. MUDr. Franti\u0161ka K\u00f6lbela, DrSc., za mimo\u0159\u00e1dn\u00fd p\u0159\u00ednos pro zdravotnictv\u00ed EUC<\/strong><\/li>\n<li><span style=\"text-decoration: underline;\"><strong class=\"sg-popup-id-764\" style=\"color: #e30d7d; text-decoration: underline; cursor: pointer;\" data-popup-id=\"764\">prof. PhDr. Michal Miovsk\u00fd Ph.D.<\/strong><\/span><em>\u2013 p\u0159ednosta Kliniky adiktologie VFN<\/em>\n<ul>\n<li><strong>T\u00e9ma: <\/strong><strong class=\"sg-popup-id-1099\" style=\"color: #017bc4; text-decoration: underline; cursor: pointer;\" data-popup-id=\"1099\">Vznik a dal\u0161\u00ed sm\u011b\u0159ov\u00e1n\u00ed d\u011btsk\u00e9 a dorostov\u00e9 adiktologie v \u010cesk\u00e9 republice: integrace slu\u017eeb v&nbsp;kontextu tvorby prvn\u00edch klinick\u00fdch doporu\u010den\u00fdch postup\u016f<\/strong><\/li>\n<\/ul>\n<\/li>\n<li><span style=\"text-decoration: underline;\"><strong class=\"sg-popup-id-762\" style=\"color: #e30d7d; text-decoration: underline; cursor: pointer;\" data-popup-id=\"762\">doc. PhDr. Ludmila \u010c\u00edrtkov\u00e1, CSc., dr. h. c.<\/strong><\/span><em>\u2013 psycholo\u017eka zab\u00fdvaj\u00edc\u00ed se viktimologi\u00ed a forenzn\u00ed psychologi\u00ed, soudn\u00ed znalkyn\u011b<\/em>\n<ul>\n<li><strong>T\u00e9ma: <\/strong><strong class=\"sg-popup-id-1088\" style=\"color: #017bc4; text-decoration: underline; cursor: pointer;\" data-popup-id=\"1088\">Dom\u00e1c\u00ed n\u00e1sil\u00ed z pohledu ambulantn\u00ed p\u00e9\u010de<\/strong><\/li>\n<\/ul>\n<\/li>\n<\/ul>\n<p><strong>&nbsp;<\/strong>Ob\u011bd <strong style=\"color: #017bc4;\">12:15\u201313:15 <\/strong><\/p>\n<p><strong style=\"color: #017bc4;\">Blok III. (13:15\u201314:45)<\/strong><\/p>\n<ul>\n<li><strong class=\"sg-popup-id-1159\" style=\"color: #e30d7d; text-decoration: underline; cursor: pointer;\" data-popup-id=\"1159\">MUDr. Jana Vysko\u010dilov\u00e1 <\/strong><em>\u2013 hlavn\u00ed l\u00e9ka\u0159ka EUC Kliniky Plze\u0148<\/em>\n<ul>\n<li><strong>T\u00e9ma: <\/strong><strong class=\"sg-popup-id-1210\" style=\"color: #017bc4; text-decoration: underline; cursor: pointer;\" data-popup-id=\"1210\">Neinvazivn\u00ed ventilace u postcovidov\u00e9ho syndromu<\/strong><\/li>\n<\/ul>\n<\/li>\n<li><strong class=\"sg-popup-id-1182\" style=\"color: #e30d7d; text-decoration: underline; cursor: pointer;\">MUDr. David Such\u00fd, Ph.D.<\/strong><em>\u2013 odd\u011blen\u00ed klinick\u00e9 farmakologie FN Plze\u0148<\/em>\n<ul>\n<li><strong>T\u00e9ma: <\/strong><strong class=\"sg-popup-id-758\" style=\"color: #017bc4; text-decoration: underline; cursor: pointer;\" data-popup-id=\"758\">Polymyalgia rheumatica, \u010dasto opom\u00edjen\u00e1 diagn\u00f3za<\/strong><\/li>\n<\/ul>\n<\/li>\n<li><span style=\"text-decoration: underline;\"><strong class=\"sg-popup-id-1048\" style=\"color: #e30d7d; text-decoration: underline; cursor: pointer;\" data-popup-id=\"1048\">MUDr. Jan Vo\u0159\u00ed\u0161ek<\/strong><\/span><em>\u2013<\/em> <em>odd\u011blen\u00ed klinick\u00e9 farmakologie, FN Plze\u0148<\/em>\n<ul>\n<li><strong>T\u00e9ma: <\/strong><strong class=\"sg-popup-id-1093\" style=\"color: #017bc4; text-decoration: underline; cursor: pointer;\" data-popup-id=\"1093\">Z\u00e1n\u011btliv\u00e1 revmatick\u00e1 onemocn\u011bn\u00ed sposti\u017een\u00edm axi\u00e1ln\u00edho skeletu, koho odeslat k&nbsp;revmatologovi<\/strong><\/li>\n<\/ul>\n<\/li>\n<li><strong>bude up\u0159esn\u011bno<\/strong><\/li>\n<\/ul>\n<p><strong style=\"color: #017bc4;\">Zakon\u010den\u00ed konference (14:45\u201315:00)<\/strong><\/p>\n<p>&nbsp; &nbsp;<\/p>\n<p><strong style=\"color: #e30d7d;\">PARALELN\u00cd SEKCE \/ WORKSHOPY<\/strong><\/p>\n<p><strong class=\"sg-popup-id-1168\" style=\"color: #017bc4; text-decoration: underline; cursor: pointer;\" data-popup-id=\"1168\">Ultrazvuk v ordinaci praktick\u00e9ho l\u00e9ka\u0159e<\/strong><\/p>\n<ul>\n<li>lektor: <strong style=\"color: #e30d7d;\">Ing. Radek Mace\u0161ka \u00ad<\/strong><em>\u2013<\/em>&nbsp;aplika\u010dn\u00ed specialista UZ syst\u00e9m\u016f GE<\/li>\n<li>Kapacita jednotliv\u00fdch workshop\u016f je omezena pro 12 osob.<\/li>\n<li>\u010casy uskute\u010dn\u011bn\u00ed workshopu\n<ul>\n<li>9:10 \u2013 9:30<\/li>\n<\/ul>\n<\/li>\n<\/ul>\n<p><strong class=\"sg-popup-id-1097\" style=\"color: #017bc4; text-decoration: underline; cursor: pointer;\" data-popup-id=\"1097\">Kardiopulmon\u00e1ln\u00ed resuscitace se z\u00e1kladn\u00edmi pom\u016fckami v\u010detn\u011b AED<\/strong><\/p>\n<ul>\n<li>lektor: <strong class=\"sg-popup-id-1095\" style=\"color: #e30d7d; text-decoration: underline; cursor: pointer;\" data-popup-id=\"1095\">MUDr. Marek Dvo\u0159\u00e1k \u00ad<\/strong><em>\u2013<\/em>&nbsp;vedouc\u00ed l\u00e9ka\u0159 na leteck\u00e9 z\u00e1chrann\u00e9 slu\u017eb\u011b <em>Kr\u00e1lovehradeck\u00e9ho kraje<\/em><\/li>\n<li>Kapacita jednotliv\u00fdch workshop\u016f je omezena pro 12 osob.<\/li>\n<li>\u010casy uskute\u010dn\u011bn\u00ed workshopu\n<ul>\n<li>10:00 \u2013 10:45<\/li>\n<li>11:15 \u2013 12:00<\/li>\n<li>12:45 \u2013 13:30<\/li>\n<li>14:00 \u2013 14:45<\/li>\n<\/ul>\n<\/li>\n<\/ul>\n<p>&nbsp; &nbsp;<\/p>\n<p><strong style=\"color: #017bc4;\">P\u0158IHL\u00c1\u0160EN\u00cd NA WORKSHOPY:<\/strong><br \/>\nE-mailem na <a href=\"mailto:info@ambulance21.cz\">info@ambulance21.cz<\/a> n\u00e1m za\u0161lete sv\u00e9 jm\u00e9no a n\u00e1zev konkr\u00e9tn\u00edho workshopu (v\u010detn\u011b preferovan\u00e9ho \u010dasu), o kter\u00fd m\u00e1te z\u00e1jem. Ze stejn\u00e9ho e-mailu pak dostanete odpov\u011b\u010f, zda registrace na workshop byla \u00fasp\u011b\u0161n\u00e1, nebo ji\u017e byla napln\u011bna jeho kapacita, p\u0159\u00edpadn\u011b V\u00e1m nab\u00eddneme jin\u00fd voln\u00fd term\u00edn.<\/p>\n<hr>\n<p style=\"text-align: center;\"><em>Vyhrazujeme si pr\u00e1vo na p\u0159\u00edpadnou zm\u011bnu programu<\/em><\/p>\n[\/vc_column_text][\/vc_column_inner][\/vc_row_inner][vc_row_inner][vc_column_inner][vc_column_text]\n<h3>Fotogalerie<\/h3>\n[\/vc_column_text][vc_images_carousel images=&#8220;1293,1294,1295,1296,1297,1298,1299,1300,1301,1302,1303,1304,1305,1306,1307,1308,1309,1310,1311,1312,1313,1314,1315,1316,1317,1318,1319,1320,1321,1322,1323,1324,1325,1326,1327,1328,1329,1330,1331,1332,1333,1334,1335,1336,1337,1338,1339,1340,1341,1342,1343,1344,1345,1346,1347,1348,1349,1350,1351,1352,1353,1354,1355,1356&#8243; img_size=&#8220;full&#8220; slides_per_view=&#8220;6&#8243; hide_pagination_control=&#8220;yes&#8220; wrap=&#8220;yes&#8220;][\/vc_column_inner][\/vc_row_inner][\/vc_column][\/mk_page_section][vc_column][\/vc_column][vc_row_inner][vc_column_inner][vc_column_text align=&#8220;center&#8220;]\n<h4>GENER\u00c1LN\u00cd PARTNER<\/h4>\n[\/vc_column_text][vc_single_image image=&#8220;7&#8243; alignment=&#8220;center&#8220; onclick=&#8220;custom_link&#8220; img_link_target=&#8220;_blank&#8220; link=&#8220;https:\/\/www.euc.cz\/&#8220;][\/vc_column_inner][\/vc_row_inner] [mk_padding_divider size=&#8220;50&#8243;] [vc_row_inner][vc_column_inner][vc_column_text align=&#8220;center&#8220;]\n<h4>Partne\u0159i<\/h4>\n[\/vc_column_text][\/vc_column_inner][\/vc_row_inner][vc_row_inner][vc_column_inner width=&#8220;1\/2&#8243;][vc_column_text align=&#8220;center&#8220;]<a href=\"https:\/\/www.medicalc.cz\/\" target=\"_blank\" rel=\"noopener\"><img decoding=\"async\" src=\"https:\/\/www.ambulance21.cz\/wp-content\/uploads\/2022\/09\/medicalc_logoi.png\" alt=\"Medicalc software s.r.o.\"><\/a>[\/vc_column_text][\/vc_column_inner][vc_column_inner width=&#8220;1\/2&#8243;][vc_column_text align=&#8220;center&#8220;]<a href=\"https:\/\/www.renomia.cz\/\" target=\"_blank\" rel=\"noopener\"><img decoding=\"async\" src=\"https:\/\/www.ambulance21.cz\/wp-content\/uploads\/2022\/09\/RENOMIA.png\" alt=\"Remonia\"><\/a>[\/vc_column_text][\/vc_column_inner][\/vc_row_inner][mk_padding_divider size=&#8220;50&#8243;]\n[vc_row_inner][vc_column_inner][vc_column_text align=&#8220;center&#8220;]\n<h4>Partner bloku<\/h4>\n<p><a href=\"https:\/\/www.boehringer-ingelheim.cz\/\" target=\"_blank\" rel=\"noopener\"><img decoding=\"async\" src=\"https:\/\/www.ambulance21.cz\/wp-content\/uploads\/2022\/10\/BI-logo.png\" alt=\"BI\"><\/a>[\/vc_column_text] [\/vc_column_inner][\/vc_row_inner] [mk_padding_divider size=&#8220;80&#8243;]\n[vc_row_inner][vc_column_inner][vc_column_text align=&#8220;center&#8220;]\n<h4>Partner workshopu<\/h4>\n<p><a href=\"https:\/\/www.exray.cz\/\" target=\"_blank\" rel=\"noopener\"><img decoding=\"async\" src=\"https:\/\/www.ambulance21.cz\/wp-content\/uploads\/2022\/09\/Exray.png\" alt=\"Exray\"><\/a>[\/vc_column_text] [\/vc_column_inner][\/vc_row_inner] [mk_padding_divider size=&#8220;80&#8243;] [vc_row_inner][vc_column_inner][vc_column_text align=&#8220;center&#8220;]\n<h4>Vystavovatel<\/h4>\n[\/vc_column_text][\/vc_column_inner][\/vc_row_inner][vc_row_inner][vc_column_inner width=&#8220;1\/2&#8243;][vc_column_text align=&#8220;center&#8220;]<a href=\"https:\/\/www.gsk.com\/en-gb\/locations\/czech-republic\/cs-cze\/\" target=\"_blank\" rel=\"noopener\"><img decoding=\"async\" src=\"https:\/\/www.ambulance21.cz\/wp-content\/uploads\/2022\/09\/GSK_Logo.png\" alt=\"GSK\"><\/a>[\/vc_column_text][\/vc_column_inner][vc_column_inner width=&#8220;1\/2&#8243;][vc_column_text align=&#8220;center&#8220;]<a href=\"https:\/\/www.lohmann-rauscher.com\/cz-cs\/\" target=\"_blank\" rel=\"noopener\"><img decoding=\"async\" src=\"https:\/\/www.ambulance21.cz\/wp-content\/uploads\/2022\/09\/LR.png\" alt=\"Lohmann&amp;Rauscher\"><\/a>[\/vc_column_text][\/vc_column_inner][\/vc_row_inner][mk_padding_divider size=&#8220;50&#8243;] [vc_row_inner][vc_column_inner][vc_column_text align=&#8220;center&#8220;]\n<h4>Ostatn\u00ed sponzo\u0159i<\/h4>\n[\/vc_column_text][\/vc_column_inner][\/vc_row_inner] [vc_row_inner][vc_column_inner width=&#8220;1\/2&#8243;][vc_column_text align=&#8220;center&#8220;]<a href=\"https:\/\/www.apatykaservis.cz\/\" target=\"_blank\" rel=\"noopener\"><img decoding=\"async\" src=\"https:\/\/www.ambulance21.cz\/wp-content\/uploads\/2022\/09\/apatyka.png\" alt=\"Apatyka servis s.r.o.\"><\/a>[\/vc_column_text][\/vc_column_inner] [vc_column_inner width=&#8220;1\/2&#8243;][vc_column_text align=&#8220;center&#8220;]<a href=\"https:\/\/www.grada.cz\/\" target=\"_blank\" rel=\"noopener\"><img decoding=\"async\" src=\"https:\/\/www.ambulance21.cz\/wp-content\/uploads\/2022\/10\/GRADA.png\" alt=\"Grada\"><\/a>[\/vc_column_text][\/vc_column_inner][\/vc_row_inner]\n[mk_padding_divider size=&#8220;50&#8243;] [vc_row_inner][vc_column_inner][vc_column_text align=&#8220;center&#8220;]\n<h4>Medi\u00e1ln\u00ed partner<\/h4>\n[\/vc_column_text][\/vc_column_inner][\/vc_row_inner][vc_row_inner][vc_column_inner width=&#8220;1\/3&#8243;][vc_column_text align=&#8220;center&#8220;]<a href=\"https:\/\/www.edumedic.cz\/\" target=\"_blank\" rel=\"noopener\"><img decoding=\"async\" src=\"https:\/\/www.ambulance21.cz\/wp-content\/uploads\/2022\/09\/edumedic.jpg\" alt=\"EDUMedic\"><\/a>[\/vc_column_text][\/vc_column_inner][vc_column_inner width=&#8220;1\/3&#8243;][vc_column_text align=&#8220;center&#8220;]<a href=\"https:\/\/www.edusestra.cz\/\" target=\"_blank\" rel=\"noopener\"><img decoding=\"async\" src=\"https:\/\/www.ambulance21.cz\/wp-content\/uploads\/2022\/09\/edusestra.jpg\" alt=\"EDUSestra\"><\/a>[\/vc_column_text][\/vc_column_inner][vc_column_inner width=&#8220;1\/3&#8243;][vc_column_text align=&#8220;center&#8220;]<a href=\"https:\/\/casopis.sesterna.cz\/\" target=\"_blank\" rel=\"noopener\"><img decoding=\"async\" src=\"https:\/\/www.ambulance21.cz\/wp-content\/uploads\/2022\/09\/sesterna.jpg\" alt=\"Sesterna\"><\/a>[\/vc_column_text][\/vc_column_inner][\/vc_row_inner][mk_padding_divider size=&#8220;80&#8243;][vc_row_inner][vc_column_inner][vc_column_text align=&#8220;center&#8220;]\n<h4>Po\u0159adatel a organiz\u00e1tor<\/h4>\n[\/vc_column_text][vc_single_image image=&#8220;8&#8243; img_size=&#8220;340&#215;170&#8243; alignment=&#8220;center&#8220; onclick=&#8220;custom_link&#8220; img_link_target=&#8220;_blank&#8220; link=&#8220;http:\/\/www.wemakemedia.cz&#8220;][\/vc_column_inner][\/vc_row_inner]\n","protected":false},"excerpt":{"rendered":"<p>[mk_page_section][vc_column][vc_row_inner][vc_column_inner width=&#8220;1\/2&#8243;][vc_column_text] Tradi\u010dn\u00ed celost\u00e1tn\u00ed konference ambulantn\u00ed p\u00e9\u010de se ji\u017e po \u0161est\u00e9 konala 18. 10. 2022&nbsp;v&nbsp;Praze. \u00dast\u0159edn\u00edm t\u00e9matem se stalo onemocn\u011bn\u00ed covid 19 a st\u00e1le v\u00fdrazn\u011bj\u0161\u00ed pod\u00edl telemedic\u00edny. Pro \u00fa\u010dastn\u00edky v\u0161ak byly p\u0159ipraveny t\u0159i bloky odborn\u00fdch p\u0159edn\u00e1\u0161ek z&nbsp;mnoha dal\u0161\u00edch obor\u016f, p\u0159edev\u0161\u00edm revmatologie, a dv\u011b sekce s praktick\u00fdmi workshopy ((UZV v&nbsp;ordinaci praktika a kardiopulmon\u00e1ln\u00ed resuscitace se z\u00e1kladn\u00edmi [&hellip;]<\/p>\n","protected":false},"author":10,"featured_media":0,"parent":34,"menu_order":0,"comment_status":"closed","ping_status":"closed","template":"","meta":{"footnotes":""},"_links":{"self":[{"href":"https:\/\/www.ambulance21.cz\/wp-json\/wp\/v2\/pages\/1284"}],"collection":[{"href":"https:\/\/www.ambulance21.cz\/wp-json\/wp\/v2\/pages"}],"about":[{"href":"https:\/\/www.ambulance21.cz\/wp-json\/wp\/v2\/types\/page"}],"author":[{"embeddable":true,"href":"https:\/\/www.ambulance21.cz\/wp-json\/wp\/v2\/users\/10"}],"replies":[{"embeddable":true,"href":"https:\/\/www.ambulance21.cz\/wp-json\/wp\/v2\/comments?post=1284"}],"version-history":[{"count":7,"href":"https:\/\/www.ambulance21.cz\/wp-json\/wp\/v2\/pages\/1284\/revisions"}],"predecessor-version":[{"id":1359,"href":"https:\/\/www.ambulance21.cz\/wp-json\/wp\/v2\/pages\/1284\/revisions\/1359"}],"up":[{"embeddable":true,"href":"https:\/\/www.ambulance21.cz\/wp-json\/wp\/v2\/pages\/34"}],"wp:attachment":[{"href":"https:\/\/www.ambulance21.cz\/wp-json\/wp\/v2\/media?parent=1284"}],"curies":[{"name":"wp","href":"https:\/\/api.w.org\/{rel}","templated":true}]}}